{"id":3970,"date":"2023-01-13T13:16:06","date_gmt":"2023-01-13T12:16:06","guid":{"rendered":"https:\/\/erasmusfugger.eu\/?page_id=3970"},"modified":"2023-01-13T13:17:23","modified_gmt":"2023-01-13T12:17:23","slug":"activites_draft","status":"publish","type":"page","link":"https:\/\/erasmusfugger.eu\/sk\/activites_draft\/","title":{"rendered":"Activites_draft"},"content":{"rendered":"\t\t\t<!-- Cool Timeline Free V3.3.1 -->\n\t\t\t<div class=\"ctl-wrapper\" role=\"region\" aria-label=\"Timeline\">\n\t\t\t\t\t\t\t\t<div id=\"cool_timeline_1\" class=\"cool-timeline-wrapper ctl-both-sided ctl-vertical-wrapper\" >\n\t\t\t\t\t<div class=\"ctl-start\"><\/div>\n\t\t\t\t\t<!-- Timeline Container -->\n\t\t\t\t\t<div class=\"ctl-timeline ctl-timeline-container\" data-animation=\"fade-up\">\n\t\t\t\t\t\t<!-- Center Line -->\n\t\t\t\t\t\t<div class=\"ctl-inner-line\" role=\"presentation\"><\/div>\n\t\t\t\t\t\t\t\t\t\t\t\t<!-- Story Year Section --><div data-cls=\"sc-nv-light vertical\" class=\"timeline-year scrollable-section ctl-year ctl-year-container light-year\" data-section-title=\"2023\" id=\"year-2023\"><div class=\"ctl-year-label ctl-year-text\"><span>2023<\/span><\/div><\/div><!-- Timeline Content --><div  id=\"ctl-story-4927\" class=\"ctl-story ctl-story-icon odd ctl-story-right\" data-aos=\"fade-up\"   data-story-index=\"1\" role=\"article\"><!-- Story Date --><div class=\"ctl-labels\"><div class=\"ctl-label-big story-date\">11\/06\/2023<\/div><\/div><!-- Story Icon --><div class=\"ctl-icon\"><i class=\"fa fa-clock-o\" aria-hidden=\"true\"><\/i><\/div> <!-- Story Arrow --><div class=\"ctl-arrow\"><\/div><!-- Story Content --><div class=\"ctl-content\"><!-- Story Title --><div class=\"ctl-title story-4927\" aria-label=\"2\"><a target=\"_self\" title=\"\u0160tudentsk\u00e1 mobilita v Banskej Bystrici\" href=\"https:\/\/erasmusfugger.eu\/sk\/cool_timeline\/student-mobility-in-banska-bystrica\/\" class=\"story-link\">\u0160tudentsk\u00e1 mobilita v Banskej Bystrici<\/a><\/div><!-- Story Description --><div class=\"ctl-description\"><p>V d\u0148och 13. &#8211; 20. m\u00e1ja 2023 pricestovali do Banskej Bystrice \u0161tudenti z partnersk\u00fdch \u0161k\u00f4l zo \u0160panielska, Talianska, Belgicka a Nemecka na posledn\u00fd projektov\u00fd t\u00fd\u017ede\u0148 v r\u00e1mci projektu Erasmus+. Z\u00e1vere\u010dn\u00fa <a href=\"https:\/\/erasmusfugger.eu\/sk\/2023\/06\/11\/student-mobility-in-banska-bystrica-may-2023\/\">spr\u00e1vu<\/a> a fotogal\u00e9rie n\u00e1jdete tu.<\/p>\n<\/div><\/div><\/div><!-- Timeline Content --><div  id=\"ctl-story-4157\" class=\"ctl-story ctl-story-icon even ctl-story-left\" data-aos=\"fade-up\"   data-story-index=\"2\" role=\"article\"><!-- Story Date --><div class=\"ctl-labels\"><div class=\"ctl-label-big story-date\">04\/03\/2023<\/div><\/div><!-- Story Icon --><div class=\"ctl-icon\"><i class= \"fa fas fa-user-friends\" aria-hidden =\"true\"><\/i><\/div> <!-- Story Arrow --><div class=\"ctl-arrow\"><\/div><!-- Story Content --><div class=\"ctl-content\"><!-- Story Title --><div class=\"ctl-title story-4157\" aria-label=\"2\"><a target=\"_self\" title=\"\u017diacka mobilita v Antverp\u00e1ch\" href=\"https:\/\/erasmusfugger.eu\/sk\/cool_timeline\/4th-student-mobility-in-antwerp\/\" class=\"story-link\">\u017diacka mobilita v Antverp\u00e1ch<\/a><\/div><!-- Story Description --><div class=\"ctl-description\"><p>V d\u0148och 04.03.-11.03.2023 pricestovali do Antverp \u0161tudenti z partnersk\u00fdch \u0161k\u00f4l zo \u0160panielska, Talianska, Slovenska a Nemecka na \u0161tvrt\u00fd projektov\u00fd t\u00fd\u017ede\u0148 v r\u00e1mci projektu Erasmus+. <a href=\"https:\/\/erasmusfugger.eu\/sk\/2023\/03\/11\/student-mobility-in-antwerpen-march-2023\/\" target=\"_blank\" rel=\"noopener\">Spr\u00e1vu<\/a> a mnoho \u010fal\u0161\u00edch inform\u00e1ci\u00ed n\u00e1jdete tu.<\/p>\n<\/div><\/div><\/div><!-- Story Year Section --><div data-cls=\"sc-nv-light vertical\" class=\"timeline-year scrollable-section ctl-year ctl-year-container light-year\" data-section-title=\"2022\" id=\"year-2022\"><div class=\"ctl-year-label ctl-year-text\"><span>2022<\/span><\/div><\/div><!-- Timeline Content --><div  id=\"ctl-story-4154\" class=\"ctl-story ctl-story-icon odd ctl-story-right\" data-aos=\"fade-up\"   data-story-index=\"3\" role=\"article\"><!-- Story Date --><div class=\"ctl-labels\"><div class=\"ctl-label-big story-date\">20\/12\/2022<\/div><\/div><!-- Story Icon --><div class=\"ctl-icon\"><i class= \"fa fas fa-tree\" aria-hidden =\"true\"><\/i><\/div> <!-- Story Arrow --><div class=\"ctl-arrow\"><\/div><!-- Story Content --><div class=\"ctl-content\"><!-- Story Title --><div class=\"ctl-title story-4154\" aria-label=\"2\"><a target=\"_self\" title=\"Vianoce 2022\" href=\"https:\/\/erasmusfugger.eu\/sk\/cool_timeline\/christmas-activities-2022\/\" class=\"story-link\">Vianoce 2022<\/a><\/div><!-- Story Description --><div class=\"ctl-description\"><p>V utorok d\u0148a 20. decembra 2022 sa v r\u00e1mci projektov\u00fdch aktiv\u00edt konal virtu\u00e1lny viano\u010dn\u00fd trh, do ktor\u00e9ho sa mohli zapoji\u0165 v\u0161etci \u00fa\u010dastn\u00edci projektu Erasmus+ &#8211; u\u010ditelia i \u017eiaci.&nbsp;<\/p>\n<p><a href=\"https:\/\/erasmusfugger.eu\/sk\/2022\/12\/23\/christmas22\/\">Vianoce 2022<\/a><\/p>\n<\/div><\/div><\/div><!-- Timeline Content --><div  id=\"ctl-story-2707\" class=\"ctl-story ctl-story-icon even ctl-story-left\" data-aos=\"fade-up\"   data-story-index=\"4\" role=\"article\"><!-- Story Date --><div class=\"ctl-labels\"><div class=\"ctl-label-big story-date\">08\/10\/2022<\/div><\/div><!-- Story Icon --><div class=\"ctl-icon\"><i class= \"fa fas fa-user-friends\" aria-hidden =\"true\"><\/i><\/div> <!-- Story Arrow --><div class=\"ctl-arrow\"><\/div><!-- Story Content --><div class=\"ctl-content\"><!-- Story Title --><div class=\"ctl-title story-2707\" aria-label=\"2\"><a target=\"_self\" title=\"\u017diacka mobilita Almad\u00e9n\" href=\"https:\/\/erasmusfugger.eu\/sk\/cool_timeline\/student-mobility-in-almaden\/\" class=\"story-link\">\u017diacka mobilita Almad\u00e9n<\/a><\/div><!-- Story Description --><div class=\"ctl-description\"><p>V d\u0148och 8.-15.10.2022 sa konala \u010fal\u0161ia mobilita \u017eiakov a u\u010dite\u013eov zo v\u0161etk\u00fdch partnersk\u00fdch \u0161k\u00f4l &#8211; Belgicko, Taliansko, Nemecko a Slovensko, tentokr\u00e1t v \u0161panielskom meste Almad\u00e9n. Spr\u00e1vu a mnoho \u010fal\u0161\u00edch zauj\u00edmav\u00fdch inform\u00e1ci\u00ed o tejto aktivite si m\u00f4\u017eete pre\u010d\u00edta\u0165 <a href=\"https:\/\/erasmusfugger.eu\/sk\/2022\/10\/15\/student-mobility-in-almaden\/\">tu<\/a>.<\/p>\n<\/div><\/div><\/div><!-- Timeline Content --><div  id=\"ctl-story-2483\" class=\"ctl-story ctl-story-icon odd ctl-story-right\" data-aos=\"fade-up\"   data-story-index=\"5\" role=\"article\"><!-- Story Date --><div class=\"ctl-labels\"><div class=\"ctl-label-big story-date\">17\/09\/2022<\/div><\/div><!-- Story Icon --><div class=\"ctl-icon\"><i class= \"fa fas fa-user-friends\" aria-hidden =\"true\"><\/i><\/div> <!-- Story Arrow --><div class=\"ctl-arrow\"><\/div><!-- Story Content --><div class=\"ctl-content\"><!-- Story Title --><div class=\"ctl-title story-2483\" aria-label=\"2\"><a target=\"_self\" title=\"\u017diacka mobilita Sterzing\" href=\"https:\/\/erasmusfugger.eu\/sk\/cool_timeline\/student-mobility-in-sterzing\/\" class=\"story-link\">\u017diacka mobilita Sterzing<\/a><\/div><!-- Story Description --><div class=\"ctl-description\"><p>V \u010dase od 17.09.-23.09.2022 \u017eiaci a \u0161tudenti z partnersk\u00fdch \u0161k\u00f4l z Belgicka, \u0160panielska, Slovenska a Nemecka pricestovali do Sterzingu na druh\u00fd projektov\u00fd t\u00fd\u017ede\u0148 vr\u00e1mci projektu Erasmus+. Na tomto <a href=\"https:\/\/erasmusfugger.eu\/sk\/2022\/10\/09\/sterzing-22\/\">linku<\/a> n\u00e1jdete spr\u00e1vu a viac inform\u00e1ci\u00ed o projekte.&nbsp;<\/p>\n<\/div><\/div><\/div><!-- Timeline Content --><div  id=\"ctl-story-1774\" class=\"ctl-story ctl-story-icon even ctl-story-left\" data-aos=\"fade-up\"   data-story-index=\"6\" role=\"article\"><!-- Story Date --><div class=\"ctl-labels\"><div class=\"ctl-label-big story-date\">28\/05\/2022<\/div><\/div><!-- Story Icon --><div class=\"ctl-icon\"><i class= \"fa fas fa-user-graduate\" aria-hidden =\"true\"><\/i><\/div> <!-- Story Arrow --><div class=\"ctl-arrow\"><\/div><!-- Story Content --><div class=\"ctl-content\"><!-- Story Title --><div class=\"ctl-title story-1774\" aria-label=\"2\"><a target=\"_self\" title=\"Kr\u00e1tkodob\u00e1 \u0161koliaca aktivita u\u010dite\u013eov v Banskej Bystrici\" href=\"https:\/\/erasmusfugger.eu\/sk\/cool_timeline\/teachers-training-banska-bystrica-2022\/\" class=\"story-link\">Kr\u00e1tkodob\u00e1 \u0161koliaca aktivita u\u010dite\u013eov v Banskej Bystrici<\/a><\/div><!-- Story Description --><div class=\"ctl-description\"><p>Mobilita u\u010dite\u013eov v Banskej Bystrici pon\u00fakla bohat\u00fd program pln\u00fd kurzov profesijn\u00e9ho rozvoja s odborn\u00edkmi, podporuj\u00faci vyu\u017e\u00edvanie nov\u00fdch technol\u00f3gi\u00ed a inovat\u00edvnych vyu\u010dovac\u00edch met\u00f3d, ktor\u00e9 bud\u00fa aplikovan\u00e9 po\u010das aktiv\u00edt \u010fal\u0161\u00edch \u017eiackych mobil\u00edt. Prostredn\u00edctvom exkurzi\u00ed a n\u00e1v\u0161tev miest, ktor\u00e9 s\u00favisia s projektom, sme sa zamerali na roz\u0161\u00edrenie poznatkov o partnerskej krajine a obsahu projektu.<\/p>\n<p><a href=\"https:\/\/erasmusfugger.eu\/sk\/2022\/06\/28\/second-teachers-meeting-in-banska-bystrica\/\" target=\"_blank\" rel=\"noopener\">Spr\u00e1va o vzdel\u00e1van\u00ed u\u010dite\u013eov v Banskej Bystrici<\/a><\/p>\n<\/div><\/div><\/div><!-- Timeline Content --><div  id=\"ctl-story-1777\" class=\"ctl-story ctl-story-icon odd ctl-story-right\" data-aos=\"fade-up\"   data-story-index=\"7\" role=\"article\"><!-- Story Date --><div class=\"ctl-labels\"><div class=\"ctl-label-big story-date\">30\/04\/2022<\/div><\/div><!-- Story Icon --><div class=\"ctl-icon\"><i class= \"fa fas fa-user-friends\" aria-hidden =\"true\"><\/i><\/div> <!-- Story Arrow --><div class=\"ctl-arrow\"><\/div><!-- Story Content --><div class=\"ctl-content\"><!-- Story Title --><div class=\"ctl-title story-1777\" aria-label=\"2\"><a target=\"_self\" title=\"Mobilita \u017eiakov Augsburg\" href=\"https:\/\/erasmusfugger.eu\/sk\/cool_timeline\/student-mobility-augsburg-2022\/\" class=\"story-link\">Mobilita \u017eiakov Augsburg<\/a><\/div><!-- Story Description --><div class=\"ctl-description\"><p>Od 30.4-7.5.2022 kone\u010dne nastal \u010das. Po viac ako roku a pol \u010dakania kv\u00f4li Corone \u0161tudenti z partnersk\u00fdch \u0161k\u00f4l z Belgicka, \u0160panielska, Slovenska a Talianska kone\u010dne pricestovali do Augsburgu na \u00favodn\u00fd projektov\u00fd t\u00fd\u017ede\u0148 v r\u00e1mci projektu Erasmus+.<\/p>\n<p><a href=\"https:\/\/erasmusfugger.eu\/sk\/2022\/05\/15\/student-mobility-in-augsburg-2022\/\" target=\"_blank\" rel=\"noopener\">Spr\u00e1va o projektovom t\u00fd\u017edni v Augsburgu<\/a><\/p>\n<\/div><\/div><\/div><!-- Story Year Section --><div data-cls=\"sc-nv-light vertical\" class=\"timeline-year scrollable-section ctl-year ctl-year-container light-year\" data-section-title=\"2021\" id=\"year-2021\"><div class=\"ctl-year-label ctl-year-text\"><span>2021<\/span><\/div><\/div><!-- Timeline Content --><div  id=\"ctl-story-1600\" class=\"ctl-story ctl-story-icon even ctl-story-left\" data-aos=\"fade-up\"   data-story-index=\"8\" role=\"article\"><!-- Story Date --><div class=\"ctl-labels\"><div class=\"ctl-label-big story-date\">17\/12\/2021<\/div><\/div><!-- Story Icon --><div class=\"ctl-icon\"><i class= \"fa fas fa-tree\" aria-hidden =\"true\"><\/i><\/div> <!-- Story Arrow --><div class=\"ctl-arrow\"><\/div><!-- Story Content --><div class=\"ctl-content\"><!-- Story Title --><div class=\"ctl-title story-1600\" aria-label=\"2\"><a target=\"_self\" title=\"Viano\u010dn\u00e1 video konferencia\" href=\"https:\/\/erasmusfugger.eu\/sk\/cool_timeline\/christmas-video-conference\/\" class=\"story-link\">Viano\u010dn\u00e1 video konferencia<\/a><\/div><!-- Story Description --><div class=\"ctl-description\"><p>Online viano\u010dn\u00e9 stretnutie \u017eiakov a u\u010dite\u013eov v piatok 17. decembra 2021 vo v\u0161etk\u00fdch partnersk\u00fdch \u0161kol\u00e1ch zapojen\u00fdch do n\u00e1\u0161ho projektu Erasmus+.<\/p>\n<p><a href=\"https:\/\/erasmusfugger.eu\/sk\/2022\/01\/02\/christmas-video-conference\/\" target=\"_blank\" rel=\"noopener\">Spr\u00e1va o videokonferencii&nbsp;<\/a><br \/>\n&nbsp;<\/p>\n<\/div><\/div><\/div><!-- Timeline Content --><div  id=\"ctl-story-1515\" class=\"ctl-story ctl-story-icon odd ctl-story-right\" data-aos=\"fade-up\"   data-story-index=\"9\" role=\"article\"><!-- Story Date --><div class=\"ctl-labels\"><div class=\"ctl-label-big story-date\">06\/10\/2021<\/div><\/div><!-- Story Icon --><div class=\"ctl-icon\"><i class= \"fa fas fa-user-graduate\" aria-hidden =\"true\"><\/i><\/div> <!-- Story Arrow --><div class=\"ctl-arrow\"><\/div><!-- Story Content --><div class=\"ctl-content\"><!-- Story Title --><div class=\"ctl-title story-1515\" aria-label=\"2\"><a target=\"_self\" title=\"Kr\u00e1tkodob\u00e1 \u0161koliaca aktivita u\u010dite\u013eov Almad\u00e9n\" href=\"https:\/\/erasmusfugger.eu\/sk\/cool_timeline\/teachers-training-almaden-2021\/\" class=\"story-link\">Kr\u00e1tkodob\u00e1 \u0161koliaca aktivita u\u010dite\u013eov Almad\u00e9n<\/a><\/div><!-- Story Description --><div class=\"ctl-description\"><p>Projektov\u00fd t\u00edm sa stretol od 6. do 10. okt\u00f3bra 2021 v \u0161panielskom meste Almad\u00e9n na prvom \u0161kolen\u00ed u\u010dite\u013eov. U\u010dite\u013eov z Belgicka, Nemecka, Talianska a Slovenska prijala \u0161panielska partnersk\u00e1 \u0161kola I.E.S. Pablo Ruiz Picasso.&nbsp;&nbsp;<\/p>\n<p><a href=\"https:\/\/erasmusfugger.eu\/sk\/2021\/10\/25\/1st-staff-mobility-in-almaden-2021\/\">Spr\u00e1va o u\u010dite\u013eskej mobilite v Almad\u00e9n.<\/a><\/p>\n<\/div><\/div><\/div><!-- Timeline Content --><div  id=\"ctl-story-207\" class=\"ctl-story ctl-story-icon even ctl-story-left\" data-aos=\"fade-up\"   data-story-index=\"10\" role=\"article\"><!-- Story Date --><div class=\"ctl-labels\"><div class=\"ctl-label-big story-date\">05\/05\/2021<\/div><\/div><!-- Story Icon --><div class=\"ctl-icon\"><i class= \"fa fas fa-map-signs\" aria-hidden =\"true\"><\/i><\/div> <!-- Story Arrow --><div class=\"ctl-arrow\"><\/div><!-- Story Content --><div class=\"ctl-content\"><!-- Story Title --><div class=\"ctl-title story-207\" aria-label=\"2\"><a target=\"_self\" title=\"De\u0148 Eur\u00f3py 2021\" href=\"https:\/\/erasmusfugger.eu\/sk\/cool_timeline\/european-day\/\" class=\"story-link\">De\u0148 Eur\u00f3py 2021<\/a><\/div><!-- Story Description --><div class=\"ctl-description\"><p>V r\u00e1mci D\u0148a Eur\u00f3py 2021 v\u0161etky partnersk\u00e9 \u0161koly&nbsp; organizovali mno\u017estvo aktiv\u00edt zameran\u00fdch nielen na hlb\u0161ie spozn\u00e1vanie osobnosti Jakuba Fuggera, od individu\u00e1lnych aktiv\u00edt cez foto s\u00fa\u0165a\u017ee a\u017e po cel\u00e9 projektov\u00e9 t\u00fd\u017edne.&nbsp;&nbsp;<\/p>\n<p>Tu si m\u00f4\u017eete pozrie\u0165 report\u00e1\u017ee z jednotliv\u00fdch \u0161k\u00f4l: <a href=\"https:\/\/erasmusfugger.eu\/2021\/05\/05\/europe-day-week-in-almaden\/\">Almad\u00e9n<\/a>,&nbsp;<a href=\"https:\/\/erasmusfugger.eu\/2021\/05\/06\/europe-day-in-antwerp\/\">Antwerp<\/a>, <a href=\"https:\/\/erasmusfugger.eu\/2021\/05\/08\/european-day-in-augsburg\/\">Augsburg<\/a>, <a href=\"https:\/\/erasmusfugger.eu\/2021\/05\/13\/project-week-in-banska-bystrica\/\">Bansk\u00e1 Bystrica<\/a> a <a href=\"https:\/\/erasmusfugger.eu\/?p=1093&amp;preview=true\">Sterzing<\/a>.<\/p>\n<\/div><\/div><\/div><!-- Timeline Content --><div  id=\"ctl-story-230\" class=\"ctl-story ctl-story-icon odd ctl-story-right\" data-aos=\"fade-up\"   data-story-index=\"11\" role=\"article\"><!-- Story Date --><div class=\"ctl-labels\"><div class=\"ctl-label-big story-date\">03\/05\/2021<\/div><\/div><!-- Story Icon --><div class=\"ctl-icon\"><i class= \"fa fas fa-question\" aria-hidden =\"true\"><\/i><\/div> <!-- Story Arrow --><div class=\"ctl-arrow\"><\/div><!-- Story Content --><div class=\"ctl-content\"><!-- Story Title --><div class=\"ctl-title story-230\" aria-label=\"2\"><a target=\"_self\" title=\"Dotazn\u00edk\" href=\"https:\/\/erasmusfugger.eu\/sk\/cool_timeline\/questionnaire\/\" class=\"story-link\">Dotazn\u00edk<\/a><\/div><!-- Story Description --><div class=\"ctl-description\"><p>Spustili sme viacjazy\u010dn\u00fd online prieskum o &#8222;Jakobovi Fuggerovi&#8220;, ktor\u00e9ho cie\u013eom bolo zmapova\u0165 \u00farove\u0148 poznatkov o tejto v\u00fdznamnej historickej osobnosti v radoch \u017eiakov, rodi\u010dov, ale aj obyvate\u013eov jednotliv\u00fdch partnersk\u00fdch miest.<\/p>\n<p><a href=\"https:\/\/erasmusfugger.eu\/sk\/2021\/05\/03\/questionnaire-about-jakob-fugger\/\">Dotazn\u00edk o Jakobovi Fuggerovi<\/a><\/p>\n<\/div><\/div><\/div><!-- Timeline Content --><div  id=\"ctl-story-188\" class=\"ctl-story ctl-story-icon even ctl-story-left\" data-aos=\"fade-up\"   data-story-index=\"12\" role=\"article\"><!-- Story Date --><div class=\"ctl-labels\"><div class=\"ctl-label-big story-date\">09\/02\/2021<\/div><\/div><!-- Story Icon --><div class=\"ctl-icon\"><i class= \"fa fas fa-network-wired\" aria-hidden =\"true\"><\/i><\/div> <!-- Story Arrow --><div class=\"ctl-arrow\"><\/div><!-- Story Content --><div class=\"ctl-content\"><!-- Story Title --><div class=\"ctl-title story-188\" aria-label=\"2\"><a target=\"_self\" title=\"De\u0148 bezpe\u010dn\u00e9ho Internetu 2021\" href=\"https:\/\/erasmusfugger.eu\/sk\/cool_timeline\/safer-internet-day\/\" class=\"story-link\">De\u0148 bezpe\u010dn\u00e9ho Internetu 2021<\/a><\/div><!-- Story Description --><div class=\"ctl-description\"><p>V r\u00e1mci D\u0148a bezpe\u010dnej\u0161ieho Internetu 2021 boli zorganizovan\u00e9 medzin\u00e1rodn\u00e9 semin\u00e1re na tieto t\u00e9my:<\/p>\n<ul>\n<li>Ako sa spr\u00e1vne spr\u00e1va\u0165 na soci\u00e1lnych m\u00e9di\u00e1ch (#netiquette)?<\/li>\n<li>Ako odhal\u00edm #fakenews?<\/li>\n<li>Zmenilo sa moje pou\u017e\u00edvanie soci\u00e1lnych m\u00e9di\u00ed po\u010das pand\u00e9mie COVID-19?<\/li>\n<li>Ak\u00fa \u00falohu zohr\u00e1vaj\u00fa influenceri?<\/li>\n<\/ul>\n<p>\u0160tudenti sa z\u00fa\u010dastnili na workshopoch partnersk\u00fdch \u0161k\u00f4l prostredn\u00edctvom videokonferencie, tak\u017ee ka\u017ed\u00fd \u00fa\u010dastn\u00edk mohol absolvova\u0165 aspo\u0148 jednu prv\u00fa virtu\u00e1lnu cestu do Eur\u00f3py.<\/p>\n<p>Tu n\u00e1jdete spr\u00e1vy z Almad\u00e9n, <a href=\"https:\/\/erasmusfugger.eu\/2021\/02\/09\/safer-internet-day-2021-belgian-workshop\/\">Antwerp<\/a>, <a href=\"https:\/\/erasmusfugger.eu\/sk\/2021\/02\/09\/safer-internet-day-2021-german-workshop\/\">Augsburgu<\/a>, <a href=\"https:\/\/erasmusfugger.eu\/sk\/2021\/02\/09\/safer-internet-day-2021-slovakian-workshop\/\">Banskej Bystrice<\/a> a <a href=\"https:\/\/erasmusfugger.eu\/2021\/02\/09\/safer-internet-day-italian-workshop\/\">Sterzingu<\/a>.<\/p>\n<\/div><\/div><\/div><!-- Timeline Content --><div  id=\"ctl-story-316\" class=\"ctl-story ctl-story-icon odd ctl-story-right\" data-aos=\"fade-up\"   data-story-index=\"13\" role=\"article\"><!-- Story Date --><div class=\"ctl-labels\"><div class=\"ctl-label-big story-date\">15\/01\/2021<\/div><\/div><!-- Story Icon --><div class=\"ctl-icon\"><i class= \"fa fas fa-info-circle\" aria-hidden =\"true\"><\/i><\/div> <!-- Story Arrow --><div class=\"ctl-arrow\"><\/div><!-- Story Content --><div class=\"ctl-content\"><!-- Story Title --><div class=\"ctl-title story-316\" aria-label=\"2\"><a target=\"_self\" title=\"S\u00fa\u0165a\u017e o logo projektu\" href=\"https:\/\/erasmusfugger.eu\/sk\/cool_timeline\/logo-competition\/\" class=\"story-link\">S\u00fa\u0165a\u017e o logo projektu<\/a><\/div><!-- Story Description --><div class=\"ctl-description\"><p>Po\u010das \u00favodn\u00e9ho online projektov\u00e9ho stretnutia boli \u017eiakom z piatich partnersk\u00fdch \u0161k\u00f4l, ktor\u00ed participuj\u00fa na projekte Erasmus+, predstaven\u00e9 hlavn\u00e9 ciele projektu. Prvou spolo\u010dnou aktivitou bola s\u00fa\u0165a\u017e o spolo\u010dn\u00e9 logo projektu, ako prvku na posilnenie t\u00edmov\u00e9ho ducha a identifik\u00e1cie. S\u00fa\u0165a\u017e prebiehala do 15. janu\u00e1ra 2021.<\/p>\n<p><a href=\"https:\/\/erasmusfugger.eu\/2021\/01\/17\/results-of-the-logo-competition\/\">Prv\u00e9 v\u00fdsledky s\u00fa\u0165a\u017ee o logo<\/a><\/p>\n<\/div><\/div><\/div><!-- Story Year Section --><div data-cls=\"sc-nv-light vertical\" class=\"timeline-year scrollable-section ctl-year ctl-year-container light-year\" data-section-title=\"2020\" id=\"year-2020\"><div class=\"ctl-year-label ctl-year-text\"><span>2020<\/span><\/div><\/div><!-- Timeline Content --><div  id=\"ctl-story-620\" class=\"ctl-story ctl-story-icon even ctl-story-left\" data-aos=\"fade-up\"   data-story-index=\"14\" role=\"article\"><!-- Story Date --><div class=\"ctl-labels\"><div class=\"ctl-label-big story-date\">24\/12\/2020<\/div><\/div><!-- Story Icon --><div class=\"ctl-icon\"><i class= \"fa fas fa-tree\" aria-hidden =\"true\"><\/i><\/div> <!-- Story Arrow --><div class=\"ctl-arrow\"><\/div><!-- Story Content --><div class=\"ctl-content\"><!-- Story Title --><div class=\"ctl-title story-620\" aria-label=\"2\"><a target=\"_self\" title=\"Viano\u010dn\u00e9 poh\u013eadnice 2020\" href=\"https:\/\/erasmusfugger.eu\/sk\/cool_timeline\/christmas-cards-2021\/\" class=\"story-link\">Viano\u010dn\u00e9 poh\u013eadnice 2020<\/a><\/div><!-- Story Description --><div class=\"ctl-description\"><p>\u0160tudenti a u\u010ditelia z partnersk\u00fdch \u0161k\u00f4l&nbsp; si po n\u00e1hodnom v\u00fdbere medzi sebou vymenili viano\u010dn\u00e9 poh\u013eadnice vyroben\u00e9 vlastnoru\u010dne zo &#8222;skuto\u010dn\u00e9ho papiera&#8220;.&nbsp;<\/p>\n<\/div><\/div><\/div><!-- Timeline Content --><div  id=\"ctl-story-182\" class=\"ctl-story ctl-story-icon odd ctl-story-right\" data-aos=\"fade-up\"   data-story-index=\"15\" role=\"article\"><!-- Story Date --><div class=\"ctl-labels\"><div class=\"ctl-label-big story-date\">15\/12\/2020<\/div><\/div><!-- Story Icon --><div class=\"ctl-icon\"><i class= \"fa fas fa-school\" aria-hidden =\"true\"><\/i><\/div> <!-- Story Arrow --><div class=\"ctl-arrow\"><\/div><!-- Story Content --><div class=\"ctl-content\"><!-- Story Title --><div class=\"ctl-title story-182\" aria-label=\"2\"><a target=\"_self\" title=\"\u00davodn\u00e9 stretnutie\" href=\"https:\/\/erasmusfugger.eu\/sk\/cool_timeline\/kick-off-meeting\/\" class=\"story-link\">\u00davodn\u00e9 stretnutie<\/a><\/div><!-- Story Description --><div class=\"ctl-description\"><p>Ve\u013ek\u00e9 \u00favodn\u00e9 online projektov\u00e9 stretnutie spojen\u00e9 s prezent\u00e1ciami partnersk\u00fdch \u0161k\u00f4l zo Sterzingu, Banskej Bystrice, Antwerp, Augsburgu a Almad\u00e9n.<\/p>\n<p>S\u00fa\u010das\u0165ou programu boli aj pr\u00edspevky a pozdravy od:<\/p>\n<ul>\n<li>Jeho Excelencie gr\u00f3fa Alexandra Fugger-Babenhausena<\/li>\n<li>Stanislava Mancu (re\u017eis\u00e9r filmu &#8222;Cesty medi&#8220;)<\/li>\n<li>Wiebke Schreier (m\u00fazeum Fugger-Welser v Augsburgu)<\/li>\n<li>Cristiny Capado (zakladate\u013eka a partnerka turistickej spolo\u010dnosti Artemina)<\/li>\n<\/ul>\n<\/div><\/div><\/div><!-- Timeline Content --><div  id=\"ctl-story-235\" class=\"ctl-story ctl-story-icon even ctl-story-left\" data-aos=\"fade-up\"   data-story-index=\"16\" role=\"article\"><!-- Story Date --><div class=\"ctl-labels\"><div class=\"ctl-label-big story-date\">14\/08\/2020<\/div><\/div><!-- Story Icon --><div class=\"ctl-icon\"><i class= \"fa fas fa-file-contract\" aria-hidden =\"true\"><\/i><\/div> <!-- Story Arrow --><div class=\"ctl-arrow\"><\/div><!-- Story Content --><div class=\"ctl-content\"><!-- Story Title --><div class=\"ctl-title story-235\" aria-label=\"2\"><a target=\"_self\" title=\"Projekt bol schv\u00e1len\u00fd\" href=\"https:\/\/erasmusfugger.eu\/sk\/cool_timeline\/project-accepted\/\" class=\"story-link\">Projekt bol schv\u00e1len\u00fd<\/a><\/div><!-- Story Description --><div class=\"ctl-description\"><p>Trvalo to o trochu dlh\u0161ie ne\u017e rok od prv\u00fdch pl\u00e1nov a sk\u00edc, ktor\u00e9 boli na\u010drtnut\u00e9 po\u010das medzin\u00e1rodn\u00e9ho stretnutia&nbsp; v r\u00e1mci&nbsp; projektu zameran\u00e9ho na turizmus &#8222;Eur\u00f3pska Fuggerovsk\u00e1 cesta&#8220; v Augsburgu v m\u00e1ji 2020. Nakoniec sa to podarilo a n\u00e1\u0161 projekt Erasmus+ o Jakubovi Fuggerovi bol schv\u00e1len\u00fd.<\/p>\n<p><a href=\"https:\/\/erasmusfugger.eu\/2020\/08\/14\/hello-world\/\">Erasmus+ project accepted<\/a><\/p>\n<p>&nbsp;<\/p>\n<\/div><\/div><\/div>\t\t\t\t\t<\/div>\n\t\t\t\t\t<div class=\"ctl-end\"><\/div>\n\t\t\t\t\t\t\t\t\t<\/div>\n\t\t\t<\/div>\n\t\t\t\n","protected":false},"excerpt":{"rendered":"","protected":false},"author":1,"featured_media":0,"parent":0,"menu_order":0,"comment_status":"closed","ping_status":"closed","template":"","meta":{"ngg_post_thumbnail":0,"pgc_sgb_lightbox_settings":"","footnotes":""},"class_list":["post-3970","page","type-page","status-publish","hentry"],"translation":{"provider":"WPGlobus","version":"3.0.2","language":"sk","enabled_languages":["en","de","es","nl","sk"],"languages":{"en":{"title":true,"content":true,"excerpt":false},"de":{"title":false,"content":false,"excerpt":false},"es":{"title":false,"content":false,"excerpt":false},"nl":{"title":false,"content":false,"excerpt":false},"sk":{"title":false,"content":false,"excerpt":false}}},"_links":{"self":[{"href":"https:\/\/erasmusfugger.eu\/sk\/wp-json\/wp\/v2\/pages\/3970","targetHints":{"allow":["GET"]}}],"collection":[{"href":"https:\/\/erasmusfugger.eu\/sk\/wp-json\/wp\/v2\/pages"}],"about":[{"href":"https:\/\/erasmusfugger.eu\/sk\/wp-json\/wp\/v2\/types\/page"}],"author":[{"embeddable":true,"href":"https:\/\/erasmusfugger.eu\/sk\/wp-json\/wp\/v2\/users\/1"}],"replies":[{"embeddable":true,"href":"https:\/\/erasmusfugger.eu\/sk\/wp-json\/wp\/v2\/comments?post=3970"}],"version-history":[{"count":4,"href":"https:\/\/erasmusfugger.eu\/sk\/wp-json\/wp\/v2\/pages\/3970\/revisions"}],"predecessor-version":[{"id":3973,"href":"https:\/\/erasmusfugger.eu\/sk\/wp-json\/wp\/v2\/pages\/3970\/revisions\/3973"}],"wp:attachment":[{"href":"https:\/\/erasmusfugger.eu\/sk\/wp-json\/wp\/v2\/media?parent=3970"}],"curies":[{"name":"wp","href":"https:\/\/api.w.org\/{rel}","templated":true}]}}